{"id":89315,"date":"2024-05-14T11:27:40","date_gmt":"2024-05-14T09:27:40","guid":{"rendered":"https:\/\/vetus.com\/blog\/60-years-of-vetus-interview-ceo\/"},"modified":"2024-06-24T13:58:50","modified_gmt":"2024-06-24T11:58:50","slug":"il-punto-di-vista-di-un-ceo-60-anni-di-vetus","status":"publish","type":"page","link":"https:\/\/vetus.com\/it\/blog\/il-punto-di-vista-di-un-ceo-60-anni-di-vetus\/","title":{"rendered":"Il punto di vista di un CEO: 60 anni di VETUS"},"content":{"rendered":"\n<section class=\"section  \">\n    \n\n<section id=\"section-text-block-block_dc1e0248cc8203f8bb1ccc6fa4b79298\" class=\"section text-block \">\n                    <div class=\"section section__body\">\n            <div class=\"text-block\">\n                <div class=\"container\">\n                    <div class=\"row\">\n                        <div class=\"col-lg-8 offset-lg-2\">\n                                                            <div class=\"section__content single__content hentry\">\n                                    <h4><strong>Come ha iniziato a lavorare in VETUS?<\/strong><\/h4>\n<p>Marcel spiega: &#8220;All&#8217;epoca, affinacavo il direttore, che era esperto in questioni commerciali ma aveva bisogno di una guida sugli aspetti organizzativi e finanziari dell&#8217;azienda. A cena mi propose di assumere il ruolo di direttore operativo. Accettai, supervisionando la logistica, il magazzino, le finanze e le risorse umane, mentre lui si concentrava sul marketing e sulle vendite. Insieme, formammo una squadra formidabile. \u00c8 stato l&#8217;inizio&#8221;. Dopo vari passaggi di propriet\u00e0, Marcel \u00e8 salito al ruolo di amministratore delegato nel 2009 e da allora ha guidato VETUS con la competenza di un capitano.<\/p>\n<h4><strong>Cosa significa per lei il 60\u00b0 anniversario?<\/strong><\/h4>\n<p>&#8220;In questo momento VETUS attraversa un periodo molto positivo, pi\u00f9 forte che mai. Siamo in una posizione eccellente, sia in termini di sviluppo dei prodotti che dal punto di vista finanziario. Quest&#8217;anno ci trasferiremo in una nuova sede, costruita appositamente per le nostre esigenze, con un&#8217;ampia area logistica. La soddisfazione dei dipendenti \u00e8 pi\u00f9 alta che mai. In breve, VETUS \u00e8 in ottima forma per il nostro 60\u00b0 anniversario&#8221;.<\/p>\n                                <\/div>\n                            \n                                                    <\/div>\n                    <\/div>\n                <\/div>\n            <\/div>\n        <\/div>\n    <\/section>\n\n<section id=\"section-text-block-block_dc1e0248cc8203f8bb1ccc6fa4b79298\" class=\"section text-block \">\n                <div class=\"section__body\">\n            <div class=\"text-block__image \">\n                <div class=\"container\">\n                    <div class=\"row\">\n                        <div class=\"col-lg-12\">\n                            <div class=\"media media--clipped ratio ratio--long\">\n                                <div class=\"media__wrapper media__wrapper--colored\">\n                                    <img decoding=\"async\" width=\"1170\" height=\"775\" src=\"https:\/\/vetus.com\/wp-content\/uploads\/5-r-1170x775.jpg\" class=\"media__source img-fit\" alt=\"\" srcset=\"https:\/\/vetus.com\/wp-content\/uploads\/5-r-1170x775.jpg 1170w, https:\/\/vetus.com\/wp-content\/uploads\/5-r-300x199.jpg 300w, https:\/\/vetus.com\/wp-content\/uploads\/5-r-768x509.jpg 768w, https:\/\/vetus.com\/wp-content\/uploads\/5-r-210x139.jpg 210w, https:\/\/vetus.com\/wp-content\/uploads\/5-r-330x219.jpg 330w, https:\/\/vetus.com\/wp-content\/uploads\/5-r-431x286.jpg 431w, https:\/\/vetus.com\/wp-content\/uploads\/5-r-507x336.jpg 507w, https:\/\/vetus.com\/wp-content\/uploads\/5-r-530x351.jpg 530w, https:\/\/vetus.com\/wp-content\/uploads\/5-r-690x457.jpg 690w, https:\/\/vetus.com\/wp-content\/uploads\/5-r-930x616.jpg 930w\" sizes=\"auto, (max-width: 575.98px) 431px, (max-width: 767.98px) 670px, (max-width: 991.98px) 930px, (max-width: 1279.98px) 670px, (max-width: 1899.98px) 930px, 1170px\" loading=\"lazy\" \/>                                <\/div>\n                            <\/div>\n                        <\/div>\n                    <\/div>\n                <\/div>\n            <\/div>\n        <\/div>\n                <div class=\"section section__body\">\n            <div class=\"text-block\">\n                <div class=\"container\">\n                    <div class=\"row\">\n                        <div class=\"col-lg-8 offset-lg-2\">\n                                                            <div class=\"section__content single__content hentry\">\n                                    <h4><strong>Qual \u00e8 secondo lei la forza trainante del successo di VETUS?<\/strong><\/h4>\n<p>&#8220;Diamo sempre priorit\u00e0 all&#8217;innovazione e al rinnovamento dei prodotti, anche in momenti difficili come la crisi, non abbiamo mai indietreggiato su questo aspetto. Ci sforziamo costantemente di sviluppare nuovi prodotti insieme ai nostri dipendenti e clienti e continuiamo a investire nell&#8217;innovazione. Questo \u00e8 davvero il DNA della nostra azienda. Applichiamo questo principio anche alle altre nostre aziende, come Maxwell Marine&#8221;.<\/p>\n<h4><strong>Pu\u00f2 condividere con noi alcuni momenti memorabili della storia recente di VETUS?<\/strong><\/h4>\n<p>&#8220;Sicuramente ci sono alcuni eventi che spiccano nella storia di VETUS. Innanzitutto, nel periodo 2011-2012, abbiamo iniziato a sottolineare l\u2019aspetto della nostra capacit\u00e0 di \u00a0sviluppare sistemi completi per imbarcazioni. Il nostro profilo di ingegneria e R&amp;S era stato ingiustamente sminuito ed era essenziale chiarire che VETUS non \u00e8 solo un rivenditore. Un altro evento cruciale \u00e8 stato il passaggio di propriet\u00e0 a Yanmar nel 2013. Dopo molti anni sotto la propriet\u00e0 di un fondo di investimento, era importante per VETUS assicurarsi un futuro sano. Un altro momento importante \u00e8 stata la celebrazione del nostro 50\u00b0 anniversario nel 2014. \u00c8 stato un momento per riconoscere e ribadire che VETUS era diventata un&#8217;azienda molto sana e forte, cosa che naturalmente \u00e8 ancora oggi&#8221;.<\/p>\n<h4><strong>Ci sono momenti divertenti o memorabili vissuti all\u2019interno degli uffici VETUS?<\/strong><\/h4>\n<p>&#8220;In VETUS, fare scherzi il 1\u00b0 aprile \u00e8 una tradizione di lunga data. Uno degli scherzi meglio riusciti \u00e8 stato qualche anno fa, subito dopo la riasfaltatura della via dove si affacciano i nostri uffici. Ho pensato che fosse il momento perfetto per un grande pesce d&#8217;aprile. Ho inventato una storia secondo la quale ilo comune avrebbe deciso di attuare &#8220;politica di parcheggio nominativo&#8221;, in cui ogni dipendente avrebbe avuto un posto auto designato, contrassegnato da targhette attaccate su un palo. Abbiamo anche creato una lettera falsa del comune di Schiedam in cui si affermava che la nuova disposizione di parcheggio sarebbe stata esposta nel nostro showroom il luned\u00ec successivo, che naturalmente era il 1\u00b0 aprile. L&#8217;annuncio non \u00e8 stato ben accolto e un dipendente ha contattato autonomamente il comune per lamentarsi, per poi scoprire che il comune non aveva idea di cosa stesse parlando.&#8221;<\/p>\n                                <\/div>\n                            \n                                                    <\/div>\n                    <\/div>\n                <\/div>\n            <\/div>\n        <\/div>\n    <\/section>\n\n<section id=\"section-text-block-block_dc1e0248cc8203f8bb1ccc6fa4b79298\" class=\"section text-block \">\n                <div class=\"section__body\">\n            <div class=\"text-block__image \">\n                <div class=\"container\">\n                    <div class=\"row\">\n                        <div class=\"col-lg-12\">\n                            <div class=\"media media--clipped ratio ratio--long\">\n                                <div class=\"media__wrapper media__wrapper--colored\">\n                                    <img decoding=\"async\" width=\"1170\" height=\"538\" src=\"https:\/\/vetus.com\/wp-content\/uploads\/4.-Havenstraat-1-Vetus-min-scaled-1-1170x538.jpg\" class=\"media__source img-fit\" alt=\"\" srcset=\"https:\/\/vetus.com\/wp-content\/uploads\/4.-Havenstraat-1-Vetus-min-scaled-1-1170x538.jpg 1170w, https:\/\/vetus.com\/wp-content\/uploads\/4.-Havenstraat-1-Vetus-min-scaled-1-300x138.jpg 300w, https:\/\/vetus.com\/wp-content\/uploads\/4.-Havenstraat-1-Vetus-min-scaled-1-768x353.jpg 768w, https:\/\/vetus.com\/wp-content\/uploads\/4.-Havenstraat-1-Vetus-min-scaled-1-210x97.jpg 210w, https:\/\/vetus.com\/wp-content\/uploads\/4.-Havenstraat-1-Vetus-min-scaled-1-330x152.jpg 330w, https:\/\/vetus.com\/wp-content\/uploads\/4.-Havenstraat-1-Vetus-min-scaled-1-431x198.jpg 431w, https:\/\/vetus.com\/wp-content\/uploads\/4.-Havenstraat-1-Vetus-min-scaled-1-507x233.jpg 507w, https:\/\/vetus.com\/wp-content\/uploads\/4.-Havenstraat-1-Vetus-min-scaled-1-530x244.jpg 530w, https:\/\/vetus.com\/wp-content\/uploads\/4.-Havenstraat-1-Vetus-min-scaled-1-690x317.jpg 690w, https:\/\/vetus.com\/wp-content\/uploads\/4.-Havenstraat-1-Vetus-min-scaled-1-930x428.jpg 930w\" sizes=\"auto, (max-width: 575.98px) 431px, (max-width: 767.98px) 670px, (max-width: 991.98px) 930px, (max-width: 1279.98px) 670px, (max-width: 1899.98px) 930px, 1170px\" loading=\"lazy\" \/>                                <\/div>\n                            <\/div>\n                        <\/div>\n                    <\/div>\n                <\/div>\n            <\/div>\n        <\/div>\n                <div class=\"section section__body\">\n            <div class=\"text-block\">\n                <div class=\"container\">\n                    <div class=\"row\">\n                        <div class=\"col-lg-8 offset-lg-2\">\n                                                            <div class=\"section__content single__content hentry\">\n                                    <h4><strong>Quali sono, a suo avviso, i maggiori successi ottenuti da quando ha iniziato nel 2002?<\/strong><\/h4>\n<p>&#8220;Il fatto che esistiamo ancora non \u00e8 certo solo merito mio, ma di tutti coloro che lavorano e hanno lavorato qui. In passato abbiamo avuto difficolt\u00e0 finanziarie, ma siamo sempre rimasti stabili. Dopo l&#8217;acquisizione da parte di YANMAR nel 2013, siamo stati in grado di espandere ulteriormente l&#8217;azienda e siamo cresciuti rapidamente. Ci stiamo anche trasferendo in un nuovo edificio, al quale ho lavorato a lungo. Credo che questo sia un risultato significativo&#8221;.<\/p>\n<h4><strong>Come l\u2019ha formata VETUS come persona?<\/strong><\/h4>\n<p>&#8220;VETUS mi ha permesso di imparare da altre culture e di creare contatti con grandi membri del team. \u00c8 davvero unico poter lavorare con persone e clienti di tutto il mondo. Grazie al mio lavoro in VETUS, ho potuto realizzare molti progetti interessanti. Il mio lavoro mi piace molto, quindi non mi sembra mai di essere arrivato in fondo. Spesso scherzo con il nostro team dicendo che sono possono venire tranquillamente a lavorare la sera e nei weekend&#8221;.<\/p>\n<h4><strong>Quale sar\u00e0 il prossimo passo di VETUS?<\/strong><\/h4>\n<p>&#8220;Credo che il nuovo edificio porter\u00e0 notevoli vantaggi. Migliorer\u00e0 la nostra efficienza e aumenter\u00e0 ulteriormente la soddisfazione dei dipendenti, soprattutto in uno spazio pi\u00f9 adatto alle nostre esigenze. Inoltre, ci posiziona pi\u00f9 vicino ai nostri clienti finali. Con l&#8217;evolversi delle aspettative dei clienti, \u00e8 probabile che essi insistano per le consegne dirette. Dobbiamo prepararci a questo cambiamento sfruttando il video marketing e offrendo diverse risorse informative. I dealers continueranno a svolgere un ruolo cruciale in questo processo. Credo che questi sviluppi saranno per noi un obiettivo primario nel prossimo periodo&#8221;.<\/p>\n                                <\/div>\n                            \n                                                            <div class=\"section__actions text-block__actions actions\">\n                                    <div class=\"btn-group d-flex flex-wrap justify-content-center\">\n                                                                                    <a href=\"https:\/\/vetus.com\/it\/campagne-di-vetus\/60-years-anniversary\/\" class=\"btn btn-primary\" title=\"\" target=\"_blank\">\n                                                <span>Scopri di pi\u00f9 sul nostro anniversario<\/span>\n                                            <\/a>\n                                        \n                                                                            <\/div>\n                                <\/div>\n                                                    <\/div>\n                    <\/div>\n                <\/div>\n            <\/div>\n        <\/div>\n    <\/section><\/section>","protected":false},"excerpt":{"rendered":"","protected":false},"author":26,"featured_media":88516,"parent":59199,"menu_order":0,"comment_status":"closed","ping_status":"closed","template":"tpl-blog-large-header.php","meta":{"_acf_changed":false,"footnotes":""},"class_list":["post-89315","page","type-page","status-publish","has-post-thumbnail","hentry"],"acf":{"image":{"ID":88516,"id":88516,"title":"marcel_2","filename":"marcel_2-1.jpg","filesize":166636,"url":"https:\/\/vetus.com\/wp-content\/uploads\/marcel_2-1.jpg","link":"https:\/\/vetus.com\/it\/blog\/il-punto-di-vista-di-un-ceo-60-anni-di-vetus\/marcel_2-2-2\/","alt":"","author":"26","description":"","caption":"","name":"marcel_2-2-2","status":"inherit","uploaded_to":89315,"date":"2024-04-29 12:21:17","modified":"2024-04-29 12:21:17","menu_order":0,"mime_type":"image\/jpeg","type":"image","subtype":"jpeg","icon":"https:\/\/vetus.com\/wp-includes\/images\/media\/default.png","width":1080,"height":864,"sizes":{"thumbnail":"https:\/\/vetus.com\/wp-content\/uploads\/marcel_2-1-150x150.jpg","thumbnail-width":150,"thumbnail-height":150,"medium":"https:\/\/vetus.com\/wp-content\/uploads\/marcel_2-1-300x240.jpg","medium-width":300,"medium-height":240,"medium_large":"https:\/\/vetus.com\/wp-content\/uploads\/marcel_2-1-768x614.jpg","medium_large-width":768,"medium_large-height":614,"large":"https:\/\/vetus.com\/wp-content\/uploads\/marcel_2-1.jpg","large-width":1024,"large-height":819,"1536x1536":"https:\/\/vetus.com\/wp-content\/uploads\/marcel_2-1.jpg","1536x1536-width":1080,"1536x1536-height":864,"2048x2048":"https:\/\/vetus.com\/wp-content\/uploads\/marcel_2-1.jpg","2048x2048-width":1080,"2048x2048-height":864,"210w":"https:\/\/vetus.com\/wp-content\/uploads\/marcel_2-1-210x168.jpg","210w-width":210,"210w-height":168,"330w":"https:\/\/vetus.com\/wp-content\/uploads\/marcel_2-1-330x264.jpg","330w-width":330,"330w-height":264,"431w":"https:\/\/vetus.com\/wp-content\/uploads\/marcel_2-1-431x345.jpg","431w-width":431,"431w-height":345,"507w":"https:\/\/vetus.com\/wp-content\/uploads\/marcel_2-1-507x406.jpg","507w-width":507,"507w-height":406,"530w":"https:\/\/vetus.com\/wp-content\/uploads\/marcel_2-1-530x424.jpg","530w-width":530,"530w-height":424,"690w":"https:\/\/vetus.com\/wp-content\/uploads\/marcel_2-1-690x552.jpg","690w-width":690,"690w-height":552,"930w":"https:\/\/vetus.com\/wp-content\/uploads\/marcel_2-1-930x744.jpg","930w-width":930,"930w-height":744,"1170w":"https:\/\/vetus.com\/wp-content\/uploads\/marcel_2-1.jpg","1170w-width":1080,"1170w-height":864,"gform-image-choice-sm":"https:\/\/vetus.com\/wp-content\/uploads\/marcel_2-1.jpg","gform-image-choice-sm-width":300,"gform-image-choice-sm-height":240,"gform-image-choice-md":"https:\/\/vetus.com\/wp-content\/uploads\/marcel_2-1.jpg","gform-image-choice-md-width":400,"gform-image-choice-md-height":320,"gform-image-choice-lg":"https:\/\/vetus.com\/wp-content\/uploads\/marcel_2-1.jpg","gform-image-choice-lg-width":600,"gform-image-choice-lg-height":480}},"introduction":"Quest'anno VETUS festeggia il suo 60\u00b0 anniversario, un traguardo meraviglioso che non possiamo lasciar passare inosservato. Per questa occasione, abbiamo realizzato un'intervista con il nostro CEO, Marcel Borsboom, per parlare del successo di VETUS, dei momenti salienti dei suoi anni in azienda, dello sviluppo dell'azienda dal suo ingresso nel 2002 e dei piani futuri per gli anni a venire.","person":false,"title":"Intervista con Marcel Borsboom"},"yoast_head":"<!-- This site is optimized with the Yoast SEO Premium plugin v27.4 (Yoast SEO v27.4) - https:\/\/yoast.com\/product\/yoast-seo-premium-wordpress\/ -->\n<title>Il punto di vista di un CEO: 60 anni di VETUS<\/title>\n<meta name=\"description\" content=\"Quest&#039;anno VETUS festeggia il suo 60\u00b0 anniversario, un traguardo meraviglioso che non possiamo lasciar passare inosservato. Per questa ...\" \/>\n<meta name=\"robots\" content=\"index, follow, max-snippet:-1, max-image-preview:large, max-video-preview:-1\" \/>\n<link rel=\"canonical\" href=\"https:\/\/vetus.com\/it\/blog\/il-punto-di-vista-di-un-ceo-60-anni-di-vetus\/\" \/>\n<meta property=\"og:locale\" content=\"it_IT\" \/>\n<meta property=\"og:type\" content=\"article\" \/>\n<meta property=\"og:title\" content=\"Il punto di vista di un CEO: 60 anni di VETUS\" \/>\n<meta property=\"og:description\" content=\"Quest&#039;anno VETUS festeggia il suo 60\u00b0 anniversario, un traguardo meraviglioso che non possiamo lasciar passare inosservato. Per questa ...\" \/>\n<meta property=\"og:url\" content=\"https:\/\/vetus.com\/it\/blog\/il-punto-di-vista-di-un-ceo-60-anni-di-vetus\/\" \/>\n<meta property=\"og:site_name\" content=\"VETUS\" \/>\n<meta property=\"article:modified_time\" content=\"2024-06-24T11:58:50+00:00\" \/>\n<meta property=\"og:image\" content=\"https:\/\/vetus.com\/wp-content\/uploads\/marcel_2-1.jpg\" \/>\n\t<meta property=\"og:image:width\" content=\"1080\" \/>\n\t<meta property=\"og:image:height\" content=\"864\" \/>\n\t<meta property=\"og:image:type\" content=\"image\/jpeg\" \/>\n<meta name=\"twitter:card\" content=\"summary_large_image\" \/>\n<meta name=\"twitter:label1\" content=\"Tempo di lettura stimato\" \/>\n\t<meta name=\"twitter:data1\" content=\"5 minuti\" \/>\n<script type=\"application\/ld+json\" class=\"yoast-schema-graph\">{\"@context\":\"https:\\\/\\\/schema.org\",\"@graph\":[{\"@type\":\"WebPage\",\"@id\":\"https:\\\/\\\/vetus.com\\\/it\\\/blog\\\/il-punto-di-vista-di-un-ceo-60-anni-di-vetus\\\/\",\"url\":\"https:\\\/\\\/vetus.com\\\/it\\\/blog\\\/il-punto-di-vista-di-un-ceo-60-anni-di-vetus\\\/\",\"name\":\"Il punto di vista di un CEO: 60 anni di VETUS\",\"isPartOf\":{\"@id\":\"https:\\\/\\\/vetus.com\\\/it\\\/#website\"},\"primaryImageOfPage\":{\"@id\":\"https:\\\/\\\/vetus.com\\\/it\\\/blog\\\/il-punto-di-vista-di-un-ceo-60-anni-di-vetus\\\/#primaryimage\"},\"image\":{\"@id\":\"https:\\\/\\\/vetus.com\\\/it\\\/blog\\\/il-punto-di-vista-di-un-ceo-60-anni-di-vetus\\\/#primaryimage\"},\"thumbnailUrl\":\"https:\\\/\\\/vetus.com\\\/wp-content\\\/uploads\\\/marcel_2-1.jpg\",\"datePublished\":\"2024-05-14T09:27:40+00:00\",\"dateModified\":\"2024-06-24T11:58:50+00:00\",\"description\":\"Quest'anno VETUS festeggia il suo 60\u00b0 anniversario, un traguardo meraviglioso che non possiamo lasciar passare inosservato. Per questa ...\",\"breadcrumb\":{\"@id\":\"https:\\\/\\\/vetus.com\\\/it\\\/blog\\\/il-punto-di-vista-di-un-ceo-60-anni-di-vetus\\\/#breadcrumb\"},\"inLanguage\":\"it-IT\",\"potentialAction\":[{\"@type\":\"ReadAction\",\"target\":[\"https:\\\/\\\/vetus.com\\\/it\\\/blog\\\/il-punto-di-vista-di-un-ceo-60-anni-di-vetus\\\/\"]}]},{\"@type\":\"ImageObject\",\"inLanguage\":\"it-IT\",\"@id\":\"https:\\\/\\\/vetus.com\\\/it\\\/blog\\\/il-punto-di-vista-di-un-ceo-60-anni-di-vetus\\\/#primaryimage\",\"url\":\"https:\\\/\\\/vetus.com\\\/wp-content\\\/uploads\\\/marcel_2-1.jpg\",\"contentUrl\":\"https:\\\/\\\/vetus.com\\\/wp-content\\\/uploads\\\/marcel_2-1.jpg\",\"width\":1080,\"height\":864},{\"@type\":\"BreadcrumbList\",\"@id\":\"https:\\\/\\\/vetus.com\\\/it\\\/blog\\\/il-punto-di-vista-di-un-ceo-60-anni-di-vetus\\\/#breadcrumb\",\"itemListElement\":[{\"@type\":\"ListItem\",\"position\":1,\"name\":\"Home\",\"item\":\"https:\\\/\\\/vetus.com\\\/it\\\/\"},{\"@type\":\"ListItem\",\"position\":2,\"name\":\"Blog\",\"item\":\"https:\\\/\\\/vetus.com\\\/it\\\/blog\\\/\"},{\"@type\":\"ListItem\",\"position\":3,\"name\":\"Il punto di vista di un CEO: 60 anni di VETUS\"}]},{\"@type\":\"WebSite\",\"@id\":\"https:\\\/\\\/vetus.com\\\/it\\\/#website\",\"url\":\"https:\\\/\\\/vetus.com\\\/it\\\/\",\"name\":\"VETUS\",\"description\":\"\",\"potentialAction\":[{\"@type\":\"SearchAction\",\"target\":{\"@type\":\"EntryPoint\",\"urlTemplate\":\"https:\\\/\\\/vetus.com\\\/it\\\/?s={search_term_string}\"},\"query-input\":{\"@type\":\"PropertyValueSpecification\",\"valueRequired\":true,\"valueName\":\"search_term_string\"}}],\"inLanguage\":\"it-IT\"}]}<\/script>\n<!-- \/ Yoast SEO Premium plugin. -->","yoast_head_json":{"title":"Il punto di vista di un CEO: 60 anni di VETUS","description":"Quest'anno VETUS festeggia il suo 60\u00b0 anniversario, un traguardo meraviglioso che non possiamo lasciar passare inosservato. Per questa ...","robots":{"index":"index","follow":"follow","max-snippet":"max-snippet:-1","max-image-preview":"max-image-preview:large","max-video-preview":"max-video-preview:-1"},"canonical":"https:\/\/vetus.com\/it\/blog\/il-punto-di-vista-di-un-ceo-60-anni-di-vetus\/","og_locale":"it_IT","og_type":"article","og_title":"Il punto di vista di un CEO: 60 anni di VETUS","og_description":"Quest'anno VETUS festeggia il suo 60\u00b0 anniversario, un traguardo meraviglioso che non possiamo lasciar passare inosservato. Per questa ...","og_url":"https:\/\/vetus.com\/it\/blog\/il-punto-di-vista-di-un-ceo-60-anni-di-vetus\/","og_site_name":"VETUS","article_modified_time":"2024-06-24T11:58:50+00:00","og_image":[{"width":1080,"height":864,"url":"https:\/\/vetus.com\/wp-content\/uploads\/marcel_2-1.jpg","type":"image\/jpeg"}],"twitter_card":"summary_large_image","twitter_misc":{"Tempo di lettura stimato":"5 minuti"},"schema":{"@context":"https:\/\/schema.org","@graph":[{"@type":"WebPage","@id":"https:\/\/vetus.com\/it\/blog\/il-punto-di-vista-di-un-ceo-60-anni-di-vetus\/","url":"https:\/\/vetus.com\/it\/blog\/il-punto-di-vista-di-un-ceo-60-anni-di-vetus\/","name":"Il punto di vista di un CEO: 60 anni di VETUS","isPartOf":{"@id":"https:\/\/vetus.com\/it\/#website"},"primaryImageOfPage":{"@id":"https:\/\/vetus.com\/it\/blog\/il-punto-di-vista-di-un-ceo-60-anni-di-vetus\/#primaryimage"},"image":{"@id":"https:\/\/vetus.com\/it\/blog\/il-punto-di-vista-di-un-ceo-60-anni-di-vetus\/#primaryimage"},"thumbnailUrl":"https:\/\/vetus.com\/wp-content\/uploads\/marcel_2-1.jpg","datePublished":"2024-05-14T09:27:40+00:00","dateModified":"2024-06-24T11:58:50+00:00","description":"Quest'anno VETUS festeggia il suo 60\u00b0 anniversario, un traguardo meraviglioso che non possiamo lasciar passare inosservato. Per questa ...","breadcrumb":{"@id":"https:\/\/vetus.com\/it\/blog\/il-punto-di-vista-di-un-ceo-60-anni-di-vetus\/#breadcrumb"},"inLanguage":"it-IT","potentialAction":[{"@type":"ReadAction","target":["https:\/\/vetus.com\/it\/blog\/il-punto-di-vista-di-un-ceo-60-anni-di-vetus\/"]}]},{"@type":"ImageObject","inLanguage":"it-IT","@id":"https:\/\/vetus.com\/it\/blog\/il-punto-di-vista-di-un-ceo-60-anni-di-vetus\/#primaryimage","url":"https:\/\/vetus.com\/wp-content\/uploads\/marcel_2-1.jpg","contentUrl":"https:\/\/vetus.com\/wp-content\/uploads\/marcel_2-1.jpg","width":1080,"height":864},{"@type":"BreadcrumbList","@id":"https:\/\/vetus.com\/it\/blog\/il-punto-di-vista-di-un-ceo-60-anni-di-vetus\/#breadcrumb","itemListElement":[{"@type":"ListItem","position":1,"name":"Home","item":"https:\/\/vetus.com\/it\/"},{"@type":"ListItem","position":2,"name":"Blog","item":"https:\/\/vetus.com\/it\/blog\/"},{"@type":"ListItem","position":3,"name":"Il punto di vista di un CEO: 60 anni di VETUS"}]},{"@type":"WebSite","@id":"https:\/\/vetus.com\/it\/#website","url":"https:\/\/vetus.com\/it\/","name":"VETUS","description":"","potentialAction":[{"@type":"SearchAction","target":{"@type":"EntryPoint","urlTemplate":"https:\/\/vetus.com\/it\/?s={search_term_string}"},"query-input":{"@type":"PropertyValueSpecification","valueRequired":true,"valueName":"search_term_string"}}],"inLanguage":"it-IT"}]}},"_links":{"self":[{"href":"https:\/\/vetus.com\/it\/wp-json\/wp\/v2\/pages\/89315","targetHints":{"allow":["GET"]}}],"collection":[{"href":"https:\/\/vetus.com\/it\/wp-json\/wp\/v2\/pages"}],"about":[{"href":"https:\/\/vetus.com\/it\/wp-json\/wp\/v2\/types\/page"}],"author":[{"embeddable":true,"href":"https:\/\/vetus.com\/it\/wp-json\/wp\/v2\/users\/26"}],"replies":[{"embeddable":true,"href":"https:\/\/vetus.com\/it\/wp-json\/wp\/v2\/comments?post=89315"}],"version-history":[{"count":5,"href":"https:\/\/vetus.com\/it\/wp-json\/wp\/v2\/pages\/89315\/revisions"}],"predecessor-version":[{"id":90706,"href":"https:\/\/vetus.com\/it\/wp-json\/wp\/v2\/pages\/89315\/revisions\/90706"}],"up":[{"embeddable":true,"href":"https:\/\/vetus.com\/it\/wp-json\/wp\/v2\/pages\/59199"}],"wp:featuredmedia":[{"embeddable":true,"href":"https:\/\/vetus.com\/it\/wp-json\/wp\/v2\/media\/88516"}],"wp:attachment":[{"href":"https:\/\/vetus.com\/it\/wp-json\/wp\/v2\/media?parent=89315"}],"curies":[{"name":"wp","href":"https:\/\/api.w.org\/{rel}","templated":true}]}}